{"id":1879,"date":"2024-02-07T17:40:28","date_gmt":"2024-02-07T16:40:28","guid":{"rendered":"https:\/\/34.88.231.180\/?page_id=1879"},"modified":"2024-08-21T12:17:30","modified_gmt":"2024-08-21T10:17:30","slug":"athletes","status":"publish","type":"page","link":"https:\/\/www.selfprotein.com\/es\/athletes\/","title":{"rendered":"Atletas"},"content":{"rendered":"<div data-elementor-type=\"wp-page\" data-elementor-id=\"1879\" class=\"elementor elementor-1879\" data-elementor-post-type=\"page\">\n\t\t\t\t<div class=\"elementor-element elementor-element-7578786 e-con-full e-flex e-con e-parent\" data-id=\"7578786\" data-element_type=\"container\" data-settings=\"{&quot;background_background&quot;:&quot;classic&quot;}\">\n\t\t<div class=\"elementor-element elementor-element-e89793b e-con-full e-flex e-con e-child\" data-id=\"e89793b\" data-element_type=\"container\">\n\t\t\t\t<div class=\"elementor-element elementor-element-3cb0afe elementor-widget elementor-widget-text-editor\" data-id=\"3cb0afe\" data-element_type=\"widget\" data-widget_type=\"text-editor.default\">\n\t\t\t\t<div class=\"elementor-widget-container\">\n\t\t\t\t\t\t\t\t\t<p>ATLETAS<\/p>\t\t\t\t\t\t\t\t<\/div>\n\t\t\t\t<\/div>\n\t\t\t\t<div class=\"elementor-element elementor-element-6a9b77e elementor-widget elementor-widget-heading\" data-id=\"6a9b77e\" data-element_type=\"widget\" data-widget_type=\"heading.default\">\n\t\t\t\t<div class=\"elementor-widget-container\">\n\t\t\t\t\t<h2 class=\"elementor-heading-title elementor-size-default\">SELF TEAM<\/h2>\t\t\t\t<\/div>\n\t\t\t\t<\/div>\n\t\t\t\t<\/div>\n\t\t\t\t<\/div>\n\t\t<div class=\"elementor-element elementor-element-0eaecae e-flex e-con-boxed e-con e-parent\" data-id=\"0eaecae\" data-element_type=\"container\">\n\t\t\t\t\t<div class=\"e-con-inner\">\n\t\t\t\t<div class=\"elementor-element elementor-element-868c16f elementor-widget elementor-widget-text-editor\" data-id=\"868c16f\" data-element_type=\"widget\" data-widget_type=\"text-editor.default\">\n\t\t\t\t<div class=\"elementor-widget-container\">\n\t\t\t\t\t\t\t\t\t<p>Conozca a nuestros atletas de \u00e9lite y entrenadores experimentados que conf\u00edan en<br \/>SELF OMNINUTRITION  para alcanzar su m\u00e1ximo rendimiento.<\/p>\t\t\t\t\t\t\t\t<\/div>\n\t\t\t\t<\/div>\n\t\t\t\t\t<\/div>\n\t\t\t\t<\/div>\n\t\t<div class=\"elementor-element elementor-element-68842af e-con-full e-flex e-con e-parent\" data-id=\"68842af\" data-element_type=\"container\" data-settings=\"{&quot;background_background&quot;:&quot;classic&quot;}\">\n\t\t<div class=\"elementor-element elementor-element-aebefca e-con-full e-flex e-con e-child\" data-id=\"aebefca\" data-element_type=\"container\" data-settings=\"{&quot;background_background&quot;:&quot;classic&quot;}\">\n\t\t\t\t<div class=\"elementor-element elementor-element-3314b82 elementor-widget elementor-widget-heading\" data-id=\"3314b82\" data-element_type=\"widget\" data-widget_type=\"heading.default\">\n\t\t\t\t<div class=\"elementor-widget-container\">\n\t\t\t\t\t<h2 class=\"elementor-heading-title elementor-size-default\">Margherita Bianchin<\/h2>\t\t\t\t<\/div>\n\t\t\t\t<\/div>\n\t\t\t\t<div class=\"elementor-element elementor-element-8cf5640 elementor-widget elementor-widget-text-editor\" data-id=\"8cf5640\" data-element_type=\"widget\" data-widget_type=\"text-editor.default\">\n\t\t\t\t<div class=\"elementor-widget-container\">\n\t\t\t\t\t\t\t\t\t<p>Margherita Bianchin naci\u00f3 en Treviso (Italia).<br>\nDespu\u00e9s de jugar en los mejores equipos juveniles de voleibol<br>\ny ganar 3 nacionales de voley playa<br>\ncampeonatos recibi\u00f3 una beca<br>\nbeca en Estados Unidos. Se gradu\u00f3 en<br>\nUniversidad Internacional de Florida (Miami) con un<br>\nLicenciatura en Relaciones Internacionales, especialidad en<br>\nMarketing, un m\u00e1ster en Comercio Internacional<br>\ny un m\u00e1ster en deportes.<br>\ngesti\u00f3n. Lleg\u00f3 a ser 2 veces All American,<br>\ny Primer Equipo de la Regi\u00f3n. Se uni\u00f3 a la<br>\nnacional y su programa ol\u00edmpico en 2020.<br>\nTambi\u00e9n gan\u00f3 muchos t\u00edtulos como 2 copas de Italia,ella<br> fue\nmedallista de la gira mundial, consigui\u00f3 la plata en el<br> Mediterr\u00e1neo\njuegos de playa y ha estado en<br> los 10 mejores campeonatos\ny mundiales.<\/p>\t\t\t\t\t\t\t\t<\/div>\n\t\t\t\t<\/div>\n\t\t\t\t<\/div>\n\t\t<div class=\"elementor-element elementor-element-9f60e99 e-con-full e-flex e-con e-child\" data-id=\"9f60e99\" data-element_type=\"container\" data-settings=\"{&quot;background_background&quot;:&quot;classic&quot;}\">\n\t\t\t\t<\/div>\n\t\t\t\t<\/div>\n\t\t<div class=\"elementor-element elementor-element-17466c3 e-con-full e-flex e-con e-parent\" data-id=\"17466c3\" data-element_type=\"container\" data-settings=\"{&quot;background_background&quot;:&quot;classic&quot;}\">\n\t\t<div class=\"elementor-element elementor-element-9cc3b8d e-con-full e-flex e-con e-child\" data-id=\"9cc3b8d\" data-element_type=\"container\" data-settings=\"{&quot;background_background&quot;:&quot;classic&quot;}\">\n\t\t\t\t<div class=\"elementor-element elementor-element-2a69b53 elementor-widget elementor-widget-heading\" data-id=\"2a69b53\" data-element_type=\"widget\" data-widget_type=\"heading.default\">\n\t\t\t\t<div class=\"elementor-widget-container\">\n\t\t\t\t\t<h2 class=\"elementor-heading-title elementor-size-default\">Sveva Gerevini<\/h2>\t\t\t\t<\/div>\n\t\t\t\t<\/div>\n\t\t\t\t<div class=\"elementor-element elementor-element-f8c878c elementor-widget elementor-widget-text-editor\" data-id=\"f8c878c\" data-element_type=\"widget\" data-widget_type=\"text-editor.default\">\n\t\t\t\t<div class=\"elementor-widget-container\">\n\t\t\t\t\t\t\t\t\t<p>Sveva Gerevini es una de las atletas m\u00e1s vers\u00e1tiles y talentosas del atletismo italiano. Es la primera atleta italiana de la historia en ganar 4 t\u00edtulos nacionales consecutivos de heptatl\u00f3n (2017, 2018, 2019 y 2020). En marzo de 2024, estableci\u00f3 un nuevo r\u00e9cord en el pentatl\u00f3n en pista cubierta con 4559 puntos, asegur\u00e1ndose el cuarto puesto en los Campeonatos del Mundo en Pista Cubierta de Glasgow, la mejor actuaci\u00f3n de la historia para Italia en pruebas combinadas a nivel mundial.En junio de 2024, en los Campeonatos de Europa de Roma, Sveva bati\u00f3 el r\u00e9cord italiano de heptatl\u00f3n que se hab\u00eda mantenido durante 25 a\u00f1os, totalizando 6379 puntos y terminando sexta. Esta extraordinaria actuaci\u00f3n la clasific\u00f3 para los Juegos Ol\u00edmpicos de Par\u00eds 2024, donde representar\u00e1 a Italia en el heptatl\u00f3n tras 25 a\u00f1os de ausencia en esta prueba.Graduada con honores en T\u00e9cnicas Radiol\u00f3gicas, Sveva trabaj\u00f3 con dedicaci\u00f3n entre Cremona, Crema y Parma, antes de alistarse en los Carabinieri en noviembre de 2020.Entusiasta del c\u00f3mic, lanz\u00f3 una novela gr\u00e1fica para los Campeonatos Europeos de Roma y los Juegos Ol\u00edmpicos de Par\u00eds, en la que participaron otros atletas de primera fila como Marcell Jacobs, Antonella Palmisano, Larissa Iapichino y Leonardo Fabbri, combinando su pasi\u00f3n por el deporte con su amor por el arte.Con su determinaci\u00f3n y versatilidad, Sveva Gerevini sigue inspirando a j\u00f3venes atletas, demostrando que con compromiso y pasi\u00f3n se pueden alcanzar metas extraordinarias tanto en el deporte como en la vida.<\/p>\t\t\t\t\t\t\t\t<\/div>\n\t\t\t\t<\/div>\n\t\t\t\t<\/div>\n\t\t<div class=\"elementor-element elementor-element-e65ca73 e-con-full e-flex e-con e-child\" data-id=\"e65ca73\" data-element_type=\"container\" data-settings=\"{&quot;background_background&quot;:&quot;classic&quot;}\">\n\t\t\t\t<\/div>\n\t\t\t\t<\/div>\n\t\t<div class=\"elementor-element elementor-element-b41e0dc e-con-full e-flex e-con e-parent\" data-id=\"b41e0dc\" data-element_type=\"container\" data-settings=\"{&quot;background_background&quot;:&quot;classic&quot;}\">\n\t\t<div class=\"elementor-element elementor-element-36f7ff0 e-con-full e-flex e-con e-child\" data-id=\"36f7ff0\" data-element_type=\"container\" data-settings=\"{&quot;background_background&quot;:&quot;classic&quot;}\">\n\t\t\t\t<div class=\"elementor-element elementor-element-5f43700 elementor-widget elementor-widget-heading\" data-id=\"5f43700\" data-element_type=\"widget\" data-widget_type=\"heading.default\">\n\t\t\t\t<div class=\"elementor-widget-container\">\n\t\t\t\t\t<h2 class=\"elementor-heading-title elementor-size-default\">Jacob Hellberg<\/h2>\t\t\t\t<\/div>\n\t\t\t\t<\/div>\n\t\t\t\t<div class=\"elementor-element elementor-element-ba0c903 elementor-widget elementor-widget-text-editor\" data-id=\"ba0c903\" data-element_type=\"widget\" data-widget_type=\"text-editor.default\">\n\t\t\t\t<div class=\"elementor-widget-container\">\n\t\t\t\t\t\t\t\t\tJacob Hellberg naci\u00f3 en Estocolmo, Suecia.<br>\ncoach de vida profesional y entrenador personal con m\u00e1s de<br>\n25 a\u00f1os de experiencia en entrenamiento f\u00edsico,<br> objetivo-\ny salud mental. Est\u00e1 especializado en<br> en\nayudar a las personas a llevar una vida m\u00e1s sana y satisfactoria.<br> En\nde su carrera, ha trabajado con<br> mundial\nartistas y actores como Katy Perry, Lukas Graham,<br>\nMax Martin y Alexander Skarsgard, etc.<br><br>\n\nAparte de la formaci\u00f3n, Jacob tambi\u00e9n certifica otras formas de vida.<br>\nentrena y presenta un popular podcast llamado<br> \"The Life\nCoach\" que ha llegado al n\u00ba 1 de la lista de iTunes<br> de autoayuda\npodcast en varias ocasiones.\t\t\t\t\t\t\t\t<\/div>\n\t\t\t\t<\/div>\n\t\t\t\t<\/div>\n\t\t<div class=\"elementor-element elementor-element-d2cdb26 e-con-full e-flex e-con e-child\" data-id=\"d2cdb26\" data-element_type=\"container\" data-settings=\"{&quot;background_background&quot;:&quot;classic&quot;}\">\n\t\t\t\t<\/div>\n\t\t\t\t<\/div>\n\t\t<div class=\"elementor-element elementor-element-6263f17 e-con-full e-flex e-con e-parent\" data-id=\"6263f17\" data-element_type=\"container\" data-settings=\"{&quot;background_background&quot;:&quot;classic&quot;}\">\n\t\t<div class=\"elementor-element elementor-element-7b2be81 e-con-full e-flex e-con e-child\" data-id=\"7b2be81\" data-element_type=\"container\" data-settings=\"{&quot;background_background&quot;:&quot;classic&quot;}\">\n\t\t\t\t<div class=\"elementor-element elementor-element-dfafcc2 elementor-widget elementor-widget-heading\" data-id=\"dfafcc2\" data-element_type=\"widget\" data-widget_type=\"heading.default\">\n\t\t\t\t<div class=\"elementor-widget-container\">\n\t\t\t\t\t<h2 class=\"elementor-heading-title elementor-size-default\">Maria Diva Ahlberg<\/h2>\t\t\t\t<\/div>\n\t\t\t\t<\/div>\n\t\t\t\t<div class=\"elementor-element elementor-element-56c8ab0 elementor-widget elementor-widget-text-editor\" data-id=\"56c8ab0\" data-element_type=\"widget\" data-widget_type=\"text-editor.default\">\n\t\t\t\t<div class=\"elementor-widget-container\">\n\t\t\t\t\t\t\t\t\tNacida en Estocolmo, Suecia, Maria Diva Ahlberg<br>\nes un entrenador personal muy solicitado<br>\nen todo el mundo. Con 7 a\u00f1os en Asia y un<br>\nentrenadora apasionada por difundir su<br>\nmensaje a la gente que quiere hacer una vida<br>\ncambio. Tras 25 a\u00f1os compitiendo a escala nacional<br>\ne internacional en todo el mundo, en bikini &amp;<br>\nfitness corporal, opt\u00f3 por dar el paso a la<br>\nsiguiente nivel. Desde 1997, ha ayudado a miles<br>\nde los clientes cambian sus rutinas diarias y<br>\nmentalidad. Mar\u00eda tambi\u00e9n dirige su propia competici\u00f3n<br>\nequipo para los que quieran competir.\t\t\t\t\t\t\t\t<\/div>\n\t\t\t\t<\/div>\n\t\t\t\t<\/div>\n\t\t<div class=\"elementor-element elementor-element-5883bfc e-con-full e-flex e-con e-child\" data-id=\"5883bfc\" data-element_type=\"container\" data-settings=\"{&quot;background_background&quot;:&quot;classic&quot;}\">\n\t\t\t\t<\/div>\n\t\t\t\t<\/div>\n\t\t<div class=\"elementor-element elementor-element-1f70212 e-con-full e-flex e-con e-parent\" data-id=\"1f70212\" data-element_type=\"container\" data-settings=\"{&quot;background_background&quot;:&quot;classic&quot;}\">\n\t\t<div class=\"elementor-element elementor-element-c9fecca e-con-full e-flex e-con e-child\" data-id=\"c9fecca\" data-element_type=\"container\" data-settings=\"{&quot;background_background&quot;:&quot;classic&quot;}\">\n\t\t\t\t<div class=\"elementor-element elementor-element-a02dcfd elementor-widget elementor-widget-heading\" data-id=\"a02dcfd\" data-element_type=\"widget\" data-widget_type=\"heading.default\">\n\t\t\t\t<div class=\"elementor-widget-container\">\n\t\t\t\t\t<h2 class=\"elementor-heading-title elementor-size-default\">Carlo Bonifazi<\/h2>\t\t\t\t<\/div>\n\t\t\t\t<\/div>\n\t\t\t\t<div class=\"elementor-element elementor-element-7c54642 elementor-widget elementor-widget-text-editor\" data-id=\"7c54642\" data-element_type=\"widget\" data-widget_type=\"text-editor.default\">\n\t\t\t\t<div class=\"elementor-widget-container\">\n\t\t\t\t\t\t\t\t\t<p>Carlo Bonifazi naci\u00f3 en noviembre de 1992, y creci\u00f3<br \/>en una familia de jugadores de voleibol. A pesar de ello, su primera pasi\u00f3n<br \/>era por el baloncesto y esta afici\u00f3n le llev\u00f3 a emprender un<br \/>carrera semiprofesional hasta los 21 a\u00f1os. En 2014<br \/>inici\u00f3 una carrera deportiva como profesional de la playa<br \/>jugadora de voleibol. En su plamareshe tiene:<\/p><ul><li>1 t\u00edtulo de campe\u00f3n absoluto de italia en 2023<\/li><li>1 copa italiana en el mismo a\u00f1o<\/li><li>2 oros en la vuelta al mundo<\/li><li>2 participaciones en el Campeonato de Europa<br \/>en M\u00fanich y Viena<\/li><li>1 en el campeonato del mundo de finales en Roma<br \/>A nivel nacional, gan\u00f3 27 medallas.<br \/>en la general del campeonato italiano.<br \/>\u00a1\u00a1\u00a1Un verdadero campe\u00f3n!!!<\/li><\/ul>\t\t\t\t\t\t\t\t<\/div>\n\t\t\t\t<\/div>\n\t\t\t\t<\/div>\n\t\t<div class=\"elementor-element elementor-element-8184c97 e-con-full e-flex e-con e-child\" data-id=\"8184c97\" data-element_type=\"container\" data-settings=\"{&quot;background_background&quot;:&quot;classic&quot;}\">\n\t\t\t\t<\/div>\n\t\t\t\t<\/div>\n\t\t\t\t<\/div>","protected":false},"excerpt":{"rendered":"<p>ATLETAS SELF TEAM Conoce a nuestros atletas de \u00e9lite y entrenadores experimentados que conf\u00edan enSELF OMNINUTRITION para alcanzar su m\u00e1ximo rendimiento. Margherita Bianchin Margherita Bianchin naci\u00f3 en Treviso, Italia. Despu\u00e9s de jugar en los mejores equipos juveniles de voleibol y ganar 3 campeonatos nacionales de voleibol de playa, recibi\u00f3 una beca deportiva completa en los EE.UU.. Se gradu\u00f3 en Florida [...]<\/p>","protected":false},"author":1,"featured_media":0,"parent":0,"menu_order":0,"comment_status":"closed","ping_status":"closed","template":"","meta":{"footnotes":""},"class_list":["post-1879","page","type-page","status-publish","hentry"],"aioseo_notices":[],"_links":{"self":[{"href":"https:\/\/www.selfprotein.com\/es\/wp-json\/wp\/v2\/pages\/1879"}],"collection":[{"href":"https:\/\/www.selfprotein.com\/es\/wp-json\/wp\/v2\/pages"}],"about":[{"href":"https:\/\/www.selfprotein.com\/es\/wp-json\/wp\/v2\/types\/page"}],"author":[{"embeddable":true,"href":"https:\/\/www.selfprotein.com\/es\/wp-json\/wp\/v2\/users\/1"}],"replies":[{"embeddable":true,"href":"https:\/\/www.selfprotein.com\/es\/wp-json\/wp\/v2\/comments?post=1879"}],"version-history":[{"count":547,"href":"https:\/\/www.selfprotein.com\/es\/wp-json\/wp\/v2\/pages\/1879\/revisions"}],"predecessor-version":[{"id":8835,"href":"https:\/\/www.selfprotein.com\/es\/wp-json\/wp\/v2\/pages\/1879\/revisions\/8835"}],"wp:attachment":[{"href":"https:\/\/www.selfprotein.com\/es\/wp-json\/wp\/v2\/media?parent=1879"}],"curies":[{"name":"wp","href":"https:\/\/api.w.org\/{rel}","templated":true}]}}