{"id":1879,"date":"2024-02-07T17:40:28","date_gmt":"2024-02-07T16:40:28","guid":{"rendered":"https:\/\/34.88.231.180\/?page_id=1879"},"modified":"2024-08-21T12:17:30","modified_gmt":"2024-08-21T10:17:30","slug":"athletes","status":"publish","type":"page","link":"https:\/\/www.selfprotein.com\/fi\/athletes\/","title":{"rendered":"Urheilijat"},"content":{"rendered":"<div data-elementor-type=\"wp-page\" data-elementor-id=\"1879\" class=\"elementor elementor-1879\" data-elementor-post-type=\"page\">\n\t\t\t\t<div class=\"elementor-element elementor-element-7578786 e-con-full e-flex e-con e-parent\" data-id=\"7578786\" data-element_type=\"container\" data-settings=\"{&quot;background_background&quot;:&quot;classic&quot;}\">\n\t\t<div class=\"elementor-element elementor-element-e89793b e-con-full e-flex e-con e-child\" data-id=\"e89793b\" data-element_type=\"container\">\n\t\t\t\t<div class=\"elementor-element elementor-element-3cb0afe elementor-widget elementor-widget-text-editor\" data-id=\"3cb0afe\" data-element_type=\"widget\" data-widget_type=\"text-editor.default\">\n\t\t\t\t<div class=\"elementor-widget-container\">\n\t\t\t\t\t\t\t\t\t<p>URHEILIJAT<\/p>\t\t\t\t\t\t\t\t<\/div>\n\t\t\t\t<\/div>\n\t\t\t\t<div class=\"elementor-element elementor-element-6a9b77e elementor-widget elementor-widget-heading\" data-id=\"6a9b77e\" data-element_type=\"widget\" data-widget_type=\"heading.default\">\n\t\t\t\t<div class=\"elementor-widget-container\">\n\t\t\t\t\t<h2 class=\"elementor-heading-title elementor-size-default\">SELF TEAM<\/h2>\t\t\t\t<\/div>\n\t\t\t\t<\/div>\n\t\t\t\t<\/div>\n\t\t\t\t<\/div>\n\t\t<div class=\"elementor-element elementor-element-0eaecae e-flex e-con-boxed e-con e-parent\" data-id=\"0eaecae\" data-element_type=\"container\">\n\t\t\t\t\t<div class=\"e-con-inner\">\n\t\t\t\t<div class=\"elementor-element elementor-element-868c16f elementor-widget elementor-widget-text-editor\" data-id=\"868c16f\" data-element_type=\"widget\" data-widget_type=\"text-editor.default\">\n\t\t\t\t<div class=\"elementor-widget-container\">\n\t\t\t\t\t\t\t\t\t<p>Tutustu huippu-urheilijoihin ja kokeneisiin valmentajiin, jotka luottavat<br \/>SELF OMNINUTRITION saavuttaakseen huippusuorituksensa.<\/p>\t\t\t\t\t\t\t\t<\/div>\n\t\t\t\t<\/div>\n\t\t\t\t\t<\/div>\n\t\t\t\t<\/div>\n\t\t<div class=\"elementor-element elementor-element-68842af e-con-full e-flex e-con e-parent\" data-id=\"68842af\" data-element_type=\"container\" data-settings=\"{&quot;background_background&quot;:&quot;classic&quot;}\">\n\t\t<div class=\"elementor-element elementor-element-aebefca e-con-full e-flex e-con e-child\" data-id=\"aebefca\" data-element_type=\"container\" data-settings=\"{&quot;background_background&quot;:&quot;classic&quot;}\">\n\t\t\t\t<div class=\"elementor-element elementor-element-3314b82 elementor-widget elementor-widget-heading\" data-id=\"3314b82\" data-element_type=\"widget\" data-widget_type=\"heading.default\">\n\t\t\t\t<div class=\"elementor-widget-container\">\n\t\t\t\t\t<h2 class=\"elementor-heading-title elementor-size-default\">Margherita Bianchin<\/h2>\t\t\t\t<\/div>\n\t\t\t\t<\/div>\n\t\t\t\t<div class=\"elementor-element elementor-element-8cf5640 elementor-widget elementor-widget-text-editor\" data-id=\"8cf5640\" data-element_type=\"widget\" data-widget_type=\"text-editor.default\">\n\t\t\t\t<div class=\"elementor-widget-container\">\n\t\t\t\t\t\t\t\t\t<p>Margherita Bianchin syntyi Trevisossa, Italiassa.<br>\nPelattuaan parhaissa nuorten lentopallojoukkueissa -<br>\nja voittanut 3 rantalentopallon kansallista<br>\nmestaruuskilpailuissa h\u00e4n sai t\u00e4yden urheilullisen<br>\nstipendi Yhdysvalloissa. H\u00e4n valmistui<br>\nFlorida International University (Miami), jossa on<br>\nKansainv\u00e4listen suhteiden kandidaatti, sivuaineena<br>\nMarkkinointi, maisterin tutkinto kansainv\u00e4lisess\u00e4<br>\nliiketalouden alalla ja urheilun maisterin tutkinto<br>\njohtaminen. H\u00e4nest\u00e4 tuli 2 kertaa All American,<br>\nja First Team All-Region. H\u00e4n liittyi<br>\nmaajoukkue ja sen olympiaohjelma vuonna 2020.<br>\nH\u00e4n voitti my\u00f6s monia titteleit\u00e4, kuten 2 Italian cupia, h\u00e4n<br> oli\nWorld Tour mitalisti, sai hopeaa<br> V\u00e4limeri\nrantapelej\u00e4 ja on ollut<br> top10 Euroopan\nja maailmanmestaruuskilpailuissa.<\/p>\t\t\t\t\t\t\t\t<\/div>\n\t\t\t\t<\/div>\n\t\t\t\t<\/div>\n\t\t<div class=\"elementor-element elementor-element-9f60e99 e-con-full e-flex e-con e-child\" data-id=\"9f60e99\" data-element_type=\"container\" data-settings=\"{&quot;background_background&quot;:&quot;classic&quot;}\">\n\t\t\t\t<\/div>\n\t\t\t\t<\/div>\n\t\t<div class=\"elementor-element elementor-element-17466c3 e-con-full e-flex e-con e-parent\" data-id=\"17466c3\" data-element_type=\"container\" data-settings=\"{&quot;background_background&quot;:&quot;classic&quot;}\">\n\t\t<div class=\"elementor-element elementor-element-9cc3b8d e-con-full e-flex e-con e-child\" data-id=\"9cc3b8d\" data-element_type=\"container\" data-settings=\"{&quot;background_background&quot;:&quot;classic&quot;}\">\n\t\t\t\t<div class=\"elementor-element elementor-element-2a69b53 elementor-widget elementor-widget-heading\" data-id=\"2a69b53\" data-element_type=\"widget\" data-widget_type=\"heading.default\">\n\t\t\t\t<div class=\"elementor-widget-container\">\n\t\t\t\t\t<h2 class=\"elementor-heading-title elementor-size-default\">Sveva Gerevini<\/h2>\t\t\t\t<\/div>\n\t\t\t\t<\/div>\n\t\t\t\t<div class=\"elementor-element elementor-element-f8c878c elementor-widget elementor-widget-text-editor\" data-id=\"f8c878c\" data-element_type=\"widget\" data-widget_type=\"text-editor.default\">\n\t\t\t\t<div class=\"elementor-widget-container\">\n\t\t\t\t\t\t\t\t\t<p>Sveva Gerevini on yksi Italian yleisurheilun monipuolisimmista ja lahjakkaimmista urheilijoista. H\u00e4n on historian ensimm\u00e4inen italialainen urheilija, joka on voittanut nelj\u00e4 per\u00e4kk\u00e4ist\u00e4 kansallista seitsenottelun mestaruutta (2017, 2018, 2019 ja 2020). Maaliskuussa 2024 h\u00e4n teki uuden enn\u00e4tyksen sis\u00e4kilpailujen viisiottelussa 4559 pisteell\u00e4 ja varmisti nelj\u00e4nnen sijan Glasgow'n sis\u00e4kilpailujen MM-kilpailuissa, mik\u00e4 oli Italian kaikkien aikojen paras suoritus yhdistelm\u00e4kilpailuissa maailmanlaajuisella tasolla.Kes\u00e4kuussa 2024 Rooman EM-kilpailuissa Sveva rikkoi 25 vuotta kest\u00e4neen Italian seitsenottelun enn\u00e4tyksen, yhteens\u00e4 6379 pistett\u00e4 ja sijoittui kuudenneksi. T\u00e4m\u00e4 poikkeuksellinen suoritus oikeutti h\u00e4net Pariisin olympialaisiin 2024, joissa h\u00e4n edustaa Italiaa seitsenottelussa 25 vuoden tauon j\u00e4lkeen.Sveva valmistui radiologian tekniikan kandidaatiksi ja ty\u00f6skenteli omistautuneesti Cremonan, Creman ja Parman v\u00e4lill\u00e4 ennen kuin h\u00e4net v\u00e4rv\u00e4ttiin karabinieereihin marraskuussa 2020.Sarjakuvaharrastajana h\u00e4n k\u00e4ynnisti Rooman EM-kilpailuja ja Pariisin olympialaisia varten graafisen romaanin, johon osallistui muita huippu-urheilijoita, kuten Marcell Jacobs, Antonella Palmisano, Larissa Iapichino ja Leonardo Fabbri, ja jossa yhdistyv\u00e4t h\u00e4nen intohimonsa urheiluun ja h\u00e4nen rakkautensa taiteeseen.M\u00e4\u00e4r\u00e4tietoisuudellaan ja monipuolisuudellaan Sveva Gerevini jatkaa nuorten urheilijoiden innoittamista ja osoittaa, ett\u00e4 sitoutumisella ja intohimolla voidaan saavuttaa poikkeuksellisia tavoitteita sek\u00e4 urheilussa ett\u00e4 el\u00e4m\u00e4ss\u00e4.<\/p>\t\t\t\t\t\t\t\t<\/div>\n\t\t\t\t<\/div>\n\t\t\t\t<\/div>\n\t\t<div class=\"elementor-element elementor-element-e65ca73 e-con-full e-flex e-con e-child\" data-id=\"e65ca73\" data-element_type=\"container\" data-settings=\"{&quot;background_background&quot;:&quot;classic&quot;}\">\n\t\t\t\t<\/div>\n\t\t\t\t<\/div>\n\t\t<div class=\"elementor-element elementor-element-b41e0dc e-con-full e-flex e-con e-parent\" data-id=\"b41e0dc\" data-element_type=\"container\" data-settings=\"{&quot;background_background&quot;:&quot;classic&quot;}\">\n\t\t<div class=\"elementor-element elementor-element-36f7ff0 e-con-full e-flex e-con e-child\" data-id=\"36f7ff0\" data-element_type=\"container\" data-settings=\"{&quot;background_background&quot;:&quot;classic&quot;}\">\n\t\t\t\t<div class=\"elementor-element elementor-element-5f43700 elementor-widget elementor-widget-heading\" data-id=\"5f43700\" data-element_type=\"widget\" data-widget_type=\"heading.default\">\n\t\t\t\t<div class=\"elementor-widget-container\">\n\t\t\t\t\t<h2 class=\"elementor-heading-title elementor-size-default\">Jacob Hellberg<\/h2>\t\t\t\t<\/div>\n\t\t\t\t<\/div>\n\t\t\t\t<div class=\"elementor-element elementor-element-ba0c903 elementor-widget elementor-widget-text-editor\" data-id=\"ba0c903\" data-element_type=\"widget\" data-widget_type=\"text-editor.default\">\n\t\t\t\t<div class=\"elementor-widget-container\">\n\t\t\t\t\t\t\t\t\tJacob Hellberg, syntynyt Tukholmassa Ruotsissa.<br>\nammatillinen el\u00e4m\u00e4nvalmentaja ja personal trainer, jolla on yli<br>\n25 vuoden kokemus fyysisest\u00e4 harjoittelusta,<br> goal-\ntavoitteiden asettaminen ja mielenterveys. H\u00e4n on erikoistunut<br> osoitteessa\nauttaa ihmisi\u00e4 el\u00e4m\u00e4\u00e4n terveemp\u00e4\u00e4 ja t\u00e4ytel\u00e4isemp\u00e4\u00e4 el\u00e4m\u00e4\u00e4.<br> Over\nUransa aikana h\u00e4n on ty\u00f6skennellyt seuraavien tahojen kanssa<br> maailma\ntaiteilijat ja n\u00e4yttelij\u00e4t, kuten Katy Perry, Lukas Graham,<br>\nMax Martin ja Alexander Skarsgard jne.<br><br>\n\nKoulutuksen lis\u00e4ksi Jacob sertifioi my\u00f6s muita el\u00e4m\u00e4ntapoja.<br>\nvalmentaa ja is\u00e4nn\u00f6i suosittua podcastia nimelt\u00e4<br> \"The Life\nCoach\", joka on tehnyt no1 iTunesin listalla.<br> itsehoito\npodcastia useaan otteeseen.\t\t\t\t\t\t\t\t<\/div>\n\t\t\t\t<\/div>\n\t\t\t\t<\/div>\n\t\t<div class=\"elementor-element elementor-element-d2cdb26 e-con-full e-flex e-con e-child\" data-id=\"d2cdb26\" data-element_type=\"container\" data-settings=\"{&quot;background_background&quot;:&quot;classic&quot;}\">\n\t\t\t\t<\/div>\n\t\t\t\t<\/div>\n\t\t<div class=\"elementor-element elementor-element-6263f17 e-con-full e-flex e-con e-parent\" data-id=\"6263f17\" data-element_type=\"container\" data-settings=\"{&quot;background_background&quot;:&quot;classic&quot;}\">\n\t\t<div class=\"elementor-element elementor-element-7b2be81 e-con-full e-flex e-con e-child\" data-id=\"7b2be81\" data-element_type=\"container\" data-settings=\"{&quot;background_background&quot;:&quot;classic&quot;}\">\n\t\t\t\t<div class=\"elementor-element elementor-element-dfafcc2 elementor-widget elementor-widget-heading\" data-id=\"dfafcc2\" data-element_type=\"widget\" data-widget_type=\"heading.default\">\n\t\t\t\t<div class=\"elementor-widget-container\">\n\t\t\t\t\t<h2 class=\"elementor-heading-title elementor-size-default\">Maria Diva Ahlberg<\/h2>\t\t\t\t<\/div>\n\t\t\t\t<\/div>\n\t\t\t\t<div class=\"elementor-element elementor-element-56c8ab0 elementor-widget elementor-widget-text-editor\" data-id=\"56c8ab0\" data-element_type=\"widget\" data-widget_type=\"text-editor.default\">\n\t\t\t\t<div class=\"elementor-widget-container\">\n\t\t\t\t\t\t\t\t\tMaria Diva Ahlberg syntyi Tukholmassa, Ruotsissa.<br>\non eritt\u00e4in haluttu personal trainer<br>\nmaailmanlaajuisesti. 7 vuotta Aasiassa ja verkossa<br>\nvalmentaja, joka on intohimoisesti levitt\u00e4\u00e4<br>\nviesti ihmisille, jotka haluavat tehd\u00e4 el\u00e4m\u00e4n<br>\nmuutos. Kilpailtuaan 25 vuoden ajan kansallisella<br>\nja kansainv\u00e4lisell\u00e4 tasolla maailmanlaajuisesti, bikini &amp;<br>\nkehon kuntoa, h\u00e4n p\u00e4\u00e4tti ottaa askeleen kohti<br>\nseuraavalle tasolle. Vuodesta 1997 l\u00e4htien h\u00e4n on auttanut tuhansia<br>\nasiakkaista muuttaa p\u00e4ivitt\u00e4isi\u00e4 rutiinejaan ja<br>\nmentaliteetti. Maria j\u00e4rjest\u00e4\u00e4 my\u00f6s omaa kilpailua<br>\njoukkue niille, jotka haluavat kilpailla.\t\t\t\t\t\t\t\t<\/div>\n\t\t\t\t<\/div>\n\t\t\t\t<\/div>\n\t\t<div class=\"elementor-element elementor-element-5883bfc e-con-full e-flex e-con e-child\" data-id=\"5883bfc\" data-element_type=\"container\" data-settings=\"{&quot;background_background&quot;:&quot;classic&quot;}\">\n\t\t\t\t<\/div>\n\t\t\t\t<\/div>\n\t\t<div class=\"elementor-element elementor-element-1f70212 e-con-full e-flex e-con e-parent\" data-id=\"1f70212\" data-element_type=\"container\" data-settings=\"{&quot;background_background&quot;:&quot;classic&quot;}\">\n\t\t<div class=\"elementor-element elementor-element-c9fecca e-con-full e-flex e-con e-child\" data-id=\"c9fecca\" data-element_type=\"container\" data-settings=\"{&quot;background_background&quot;:&quot;classic&quot;}\">\n\t\t\t\t<div class=\"elementor-element elementor-element-a02dcfd elementor-widget elementor-widget-heading\" data-id=\"a02dcfd\" data-element_type=\"widget\" data-widget_type=\"heading.default\">\n\t\t\t\t<div class=\"elementor-widget-container\">\n\t\t\t\t\t<h2 class=\"elementor-heading-title elementor-size-default\">Carlo Bonifazi<\/h2>\t\t\t\t<\/div>\n\t\t\t\t<\/div>\n\t\t\t\t<div class=\"elementor-element elementor-element-7c54642 elementor-widget elementor-widget-text-editor\" data-id=\"7c54642\" data-element_type=\"widget\" data-widget_type=\"text-editor.default\">\n\t\t\t\t<div class=\"elementor-widget-container\">\n\t\t\t\t\t\t\t\t\t<p>Carlo Bonifazi syntyi marraskuussa 1992, ja h\u00e4n varttui...<br \/>lentopalloilijoiden perheess\u00e4. T\u00e4st\u00e4 huolimatta h\u00e4nen ensimm\u00e4inen intohimonsa<br \/>oli koripalloa ja t\u00e4m\u00e4 rakkaus johti h\u00e4net ryhty\u00e4<br \/>puoliammattilaisen uran 21-vuotiaaksi asti. Vuonna 2014<br \/>h\u00e4n aloitti urheilu-uransa ammattilaisena rannalla<br \/>lentopalloilija. H\u00e4nen plamareshe on:<\/p><ul><li>1 absoluuttinen Italian mestaruus vuonna 2023<\/li><li>1 italialainen cup samana vuonna<\/li><li>2 kultaa maailmankiertueella<\/li><li>2 osallistumista Euroopan mestaruuskilpailuihin<br \/>M\u00fcncheniss\u00e4 ja Wieniss\u00e4<\/li><li>1 maailmanmestaruuskilpailujen loppukilpailussa Roomassa<br \/>Kansallisella tasolla h\u00e4n voitti 27 mitalia.<br \/>Italian kokonaiskilpailussa.<br \/>Todellinen mestari!!!<\/li><\/ul>\t\t\t\t\t\t\t\t<\/div>\n\t\t\t\t<\/div>\n\t\t\t\t<\/div>\n\t\t<div class=\"elementor-element elementor-element-8184c97 e-con-full e-flex e-con e-child\" data-id=\"8184c97\" data-element_type=\"container\" data-settings=\"{&quot;background_background&quot;:&quot;classic&quot;}\">\n\t\t\t\t<\/div>\n\t\t\t\t<\/div>\n\t\t\t\t<\/div>","protected":false},"excerpt":{"rendered":"<p>ATHLETES SELF TEAM Tutustu huippu-urheilijoihin ja kokeneisiin valmentajiin, jotka luottavatSELF OMNINUTRITIONiin saavuttaakseen huippusuorituksensa. Margherita Bianchin Margherita Bianchin syntyi Trevisossa, Italiassa. Pelattuaan parhaissa nuorisolentopallojoukkueissa ja voitettuaan 3 beach volleyn kansallista mestaruutta h\u00e4n sai t\u00e4yden urheilustipendin Yhdysvaltoihin. H\u00e4n valmistui Floridan [...]<\/p>","protected":false},"author":1,"featured_media":0,"parent":0,"menu_order":0,"comment_status":"closed","ping_status":"closed","template":"","meta":{"footnotes":""},"class_list":["post-1879","page","type-page","status-publish","hentry"],"aioseo_notices":[],"_links":{"self":[{"href":"https:\/\/www.selfprotein.com\/fi\/wp-json\/wp\/v2\/pages\/1879"}],"collection":[{"href":"https:\/\/www.selfprotein.com\/fi\/wp-json\/wp\/v2\/pages"}],"about":[{"href":"https:\/\/www.selfprotein.com\/fi\/wp-json\/wp\/v2\/types\/page"}],"author":[{"embeddable":true,"href":"https:\/\/www.selfprotein.com\/fi\/wp-json\/wp\/v2\/users\/1"}],"replies":[{"embeddable":true,"href":"https:\/\/www.selfprotein.com\/fi\/wp-json\/wp\/v2\/comments?post=1879"}],"version-history":[{"count":547,"href":"https:\/\/www.selfprotein.com\/fi\/wp-json\/wp\/v2\/pages\/1879\/revisions"}],"predecessor-version":[{"id":8835,"href":"https:\/\/www.selfprotein.com\/fi\/wp-json\/wp\/v2\/pages\/1879\/revisions\/8835"}],"wp:attachment":[{"href":"https:\/\/www.selfprotein.com\/fi\/wp-json\/wp\/v2\/media?parent=1879"}],"curies":[{"name":"wp","href":"https:\/\/api.w.org\/{rel}","templated":true}]}}