{"id":1879,"date":"2024-02-07T17:40:28","date_gmt":"2024-02-07T16:40:28","guid":{"rendered":"https:\/\/34.88.231.180\/?page_id=1879"},"modified":"2024-08-21T12:17:30","modified_gmt":"2024-08-21T10:17:30","slug":"athletes","status":"publish","type":"page","link":"https:\/\/www.selfprotein.com\/sv\/athletes\/","title":{"rendered":"Idrottsm\u00e4n"},"content":{"rendered":"<div data-elementor-type=\"wp-page\" data-elementor-id=\"1879\" class=\"elementor elementor-1879\" data-elementor-post-type=\"page\">\n\t\t\t\t<div class=\"elementor-element elementor-element-7578786 e-con-full e-flex e-con e-parent\" data-id=\"7578786\" data-element_type=\"container\" data-settings=\"{&quot;background_background&quot;:&quot;classic&quot;}\">\n\t\t<div class=\"elementor-element elementor-element-e89793b e-con-full e-flex e-con e-child\" data-id=\"e89793b\" data-element_type=\"container\">\n\t\t\t\t<div class=\"elementor-element elementor-element-3cb0afe elementor-widget elementor-widget-text-editor\" data-id=\"3cb0afe\" data-element_type=\"widget\" data-widget_type=\"text-editor.default\">\n\t\t\t\t<div class=\"elementor-widget-container\">\n\t\t\t\t\t\t\t\t\t<p>ATLETER<\/p>\t\t\t\t\t\t\t\t<\/div>\n\t\t\t\t<\/div>\n\t\t\t\t<div class=\"elementor-element elementor-element-6a9b77e elementor-widget elementor-widget-heading\" data-id=\"6a9b77e\" data-element_type=\"widget\" data-widget_type=\"heading.default\">\n\t\t\t\t<div class=\"elementor-widget-container\">\n\t\t\t\t\t<h2 class=\"elementor-heading-title elementor-size-default\">SELF TEAM<\/h2>\t\t\t\t<\/div>\n\t\t\t\t<\/div>\n\t\t\t\t<\/div>\n\t\t\t\t<\/div>\n\t\t<div class=\"elementor-element elementor-element-0eaecae e-flex e-con-boxed e-con e-parent\" data-id=\"0eaecae\" data-element_type=\"container\">\n\t\t\t\t\t<div class=\"e-con-inner\">\n\t\t\t\t<div class=\"elementor-element elementor-element-868c16f elementor-widget elementor-widget-text-editor\" data-id=\"868c16f\" data-element_type=\"widget\" data-widget_type=\"text-editor.default\">\n\t\t\t\t<div class=\"elementor-widget-container\">\n\t\t\t\t\t\t\t\t\t<p>M\u00f6t v\u00e5ra elitidrottare och erfarna tr\u00e4nare som litar p\u00e5<br \/>SELF OMNUTRITION f\u00f6r att n\u00e5 sin topprestation.<\/p>\t\t\t\t\t\t\t\t<\/div>\n\t\t\t\t<\/div>\n\t\t\t\t\t<\/div>\n\t\t\t\t<\/div>\n\t\t<div class=\"elementor-element elementor-element-68842af e-con-full e-flex e-con e-parent\" data-id=\"68842af\" data-element_type=\"container\" data-settings=\"{&quot;background_background&quot;:&quot;classic&quot;}\">\n\t\t<div class=\"elementor-element elementor-element-aebefca e-con-full e-flex e-con e-child\" data-id=\"aebefca\" data-element_type=\"container\" data-settings=\"{&quot;background_background&quot;:&quot;classic&quot;}\">\n\t\t\t\t<div class=\"elementor-element elementor-element-3314b82 elementor-widget elementor-widget-heading\" data-id=\"3314b82\" data-element_type=\"widget\" data-widget_type=\"heading.default\">\n\t\t\t\t<div class=\"elementor-widget-container\">\n\t\t\t\t\t<h2 class=\"elementor-heading-title elementor-size-default\">Margherita Bianchin<\/h2>\t\t\t\t<\/div>\n\t\t\t\t<\/div>\n\t\t\t\t<div class=\"elementor-element elementor-element-8cf5640 elementor-widget elementor-widget-text-editor\" data-id=\"8cf5640\" data-element_type=\"widget\" data-widget_type=\"text-editor.default\">\n\t\t\t\t<div class=\"elementor-widget-container\">\n\t\t\t\t\t\t\t\t\t<p>Margherita Bianchin f\u00f6ddes i Treviso, Italien.<br>\nEfter att ha spelat f\u00f6r de b\u00e4sta ungdomsvolleybolllagen<br>\noch vann 3 nationella m\u00e4sterskap i beachvolleyboll<br>\nm\u00e4sterskap fick hon en fullst\u00e4ndig atletisk<br>\nstipendium i USA. Hon tog examen fr\u00e5n<br>\nFlorida International University (Miami) med en<br>\nKandidatexamen i internationella relationer, bi\u00e4mne i<br>\nmarknadsf\u00f6ring, en magisterexamen i internationell<br>\noch en magisterexamen i sport och idrott.<br>\nledning. Hon blev tv\u00e5 g\u00e5nger All American,<br>\noch First Team All-Region. Hon ansl\u00f6t sig till<br>\nlandslag och dess olympiska program 2020.<br>\nHon vann ocks\u00e5 m\u00e5nga titlar som 2 italienska cuper, hon<br> var\nmedalj\u00f6r p\u00e5 v\u00e4rldstouren, tog silver vid<br> Medelhavet\nstrandspel och har varit i<br> de 10 fr\u00e4msta europeiska\noch v\u00e4rldsm\u00e4sterskapen.<\/p>\t\t\t\t\t\t\t\t<\/div>\n\t\t\t\t<\/div>\n\t\t\t\t<\/div>\n\t\t<div class=\"elementor-element elementor-element-9f60e99 e-con-full e-flex e-con e-child\" data-id=\"9f60e99\" data-element_type=\"container\" data-settings=\"{&quot;background_background&quot;:&quot;classic&quot;}\">\n\t\t\t\t<\/div>\n\t\t\t\t<\/div>\n\t\t<div class=\"elementor-element elementor-element-17466c3 e-con-full e-flex e-con e-parent\" data-id=\"17466c3\" data-element_type=\"container\" data-settings=\"{&quot;background_background&quot;:&quot;classic&quot;}\">\n\t\t<div class=\"elementor-element elementor-element-9cc3b8d e-con-full e-flex e-con e-child\" data-id=\"9cc3b8d\" data-element_type=\"container\" data-settings=\"{&quot;background_background&quot;:&quot;classic&quot;}\">\n\t\t\t\t<div class=\"elementor-element elementor-element-2a69b53 elementor-widget elementor-widget-heading\" data-id=\"2a69b53\" data-element_type=\"widget\" data-widget_type=\"heading.default\">\n\t\t\t\t<div class=\"elementor-widget-container\">\n\t\t\t\t\t<h2 class=\"elementor-heading-title elementor-size-default\">Sveva Gerevini<\/h2>\t\t\t\t<\/div>\n\t\t\t\t<\/div>\n\t\t\t\t<div class=\"elementor-element elementor-element-f8c878c elementor-widget elementor-widget-text-editor\" data-id=\"f8c878c\" data-element_type=\"widget\" data-widget_type=\"text-editor.default\">\n\t\t\t\t<div class=\"elementor-widget-container\">\n\t\t\t\t\t\t\t\t\t<p>Sveva Gerevini \u00e4r en av de mest m\u00e5ngsidiga och talangfulla friidrottarna i italiensk friidrott. Hon \u00e4r den f\u00f6rsta italienska friidrottaren i historien som vunnit fyra nationella titlar i rad i femkamp (2017, 2018, 2019 och 2020). I mars 2024 satte hon nytt rekord i inomhusfemkamp med 4559 po\u00e4ng och s\u00e4krade fj\u00e4rdeplatsen vid inomhusv\u00e4rldsm\u00e4sterskapen i Glasgow, den b\u00e4sta prestationen n\u00e5gonsin f\u00f6r Italien i kombinerade t\u00e4vlingar p\u00e5 global niv\u00e5.I juni 2024, vid Europam\u00e4sterskapen i Rom, slog Sveva det italienska rekordet i sjukamp som hade st\u00e5tt sig i 25 \u00e5r, med totalt 6379 po\u00e4ng och slutade p\u00e5 sj\u00e4tte plats. Denna extraordin\u00e4ra prestation kvalificerade henne f\u00f6r OS i Paris 2024, d\u00e4r hon kommer att representera Italien i heptathlon efter 25 \u00e5rs fr\u00e5nvaro i denna gren.Sveva tog examen med h\u00f6gsta betyg i radiologiteknik och arbetade h\u00e4ngivet mellan Cremona, Crema och Parma innan hon v\u00e4rvades till Carabinieri i november 2020.Hon \u00e4r en serietidningsentusiast och lanserade en grafisk roman f\u00f6r EM i Rom och OS i Paris, som involverade andra toppidrottare som Marcell Jacobs, Antonella Palmisano, Larissa Iapichino och Leonardo Fabbri, och kombinerade sin passion f\u00f6r sport med sin k\u00e4rlek till konst.Med sin beslutsamhet och m\u00e5ngsidighet forts\u00e4tter Sveva Gerevini att inspirera unga idrottare och visar att med engagemang och passion kan extraordin\u00e4ra m\u00e5l uppn\u00e5s b\u00e5de inom sport och i livet.<\/p>\t\t\t\t\t\t\t\t<\/div>\n\t\t\t\t<\/div>\n\t\t\t\t<\/div>\n\t\t<div class=\"elementor-element elementor-element-e65ca73 e-con-full e-flex e-con e-child\" data-id=\"e65ca73\" data-element_type=\"container\" data-settings=\"{&quot;background_background&quot;:&quot;classic&quot;}\">\n\t\t\t\t<\/div>\n\t\t\t\t<\/div>\n\t\t<div class=\"elementor-element elementor-element-b41e0dc e-con-full e-flex e-con e-parent\" data-id=\"b41e0dc\" data-element_type=\"container\" data-settings=\"{&quot;background_background&quot;:&quot;classic&quot;}\">\n\t\t<div class=\"elementor-element elementor-element-36f7ff0 e-con-full e-flex e-con e-child\" data-id=\"36f7ff0\" data-element_type=\"container\" data-settings=\"{&quot;background_background&quot;:&quot;classic&quot;}\">\n\t\t\t\t<div class=\"elementor-element elementor-element-5f43700 elementor-widget elementor-widget-heading\" data-id=\"5f43700\" data-element_type=\"widget\" data-widget_type=\"heading.default\">\n\t\t\t\t<div class=\"elementor-widget-container\">\n\t\t\t\t\t<h2 class=\"elementor-heading-title elementor-size-default\">Jacob Hellberg<\/h2>\t\t\t\t<\/div>\n\t\t\t\t<\/div>\n\t\t\t\t<div class=\"elementor-element elementor-element-ba0c903 elementor-widget elementor-widget-text-editor\" data-id=\"ba0c903\" data-element_type=\"widget\" data-widget_type=\"text-editor.default\">\n\t\t\t\t<div class=\"elementor-widget-container\">\n\t\t\t\t\t\t\t\t\tJacob Hellberg, f\u00f6dd I Stockholm Sverige, \u00e4r en<br>\nprofessionell livscoach och personlig tr\u00e4nare med \u00f6ver<br>\n25 \u00e5rs erfarenhet av fysisk tr\u00e4ning,<br> m\u00e5l\narbete och psykisk h\u00e4lsa. Han \u00e4r specialiserad p\u00e5<br> i\nhj\u00e4lpa m\u00e4nniskor att leva ett h\u00e4lsosammare och mer tillfredsst\u00e4llande liv.<br> Under\nunder sin karri\u00e4r har han arbetat med<br> v\u00e4rlden\nartister och sk\u00e5despelare som Katy Perry och Lukas Graham,<br>\nMax Martin och Alexander Skarsg\u00e5rd m.fl.<br><br>\n\nF\u00f6rutom att utbilda certifierar Jacob \u00e4ven andra<br>\ntr\u00e4nare och \u00e4r v\u00e4rd f\u00f6r en popul\u00e4r podcast som heter<br> \"The Life\nCoach\" som har legat etta p\u00e5 iTunes-listan<br> av sj\u00e4lvhj\u00e4lp\npodcast vid flera tillf\u00e4llen.\t\t\t\t\t\t\t\t<\/div>\n\t\t\t\t<\/div>\n\t\t\t\t<\/div>\n\t\t<div class=\"elementor-element elementor-element-d2cdb26 e-con-full e-flex e-con e-child\" data-id=\"d2cdb26\" data-element_type=\"container\" data-settings=\"{&quot;background_background&quot;:&quot;classic&quot;}\">\n\t\t\t\t<\/div>\n\t\t\t\t<\/div>\n\t\t<div class=\"elementor-element elementor-element-6263f17 e-con-full e-flex e-con e-parent\" data-id=\"6263f17\" data-element_type=\"container\" data-settings=\"{&quot;background_background&quot;:&quot;classic&quot;}\">\n\t\t<div class=\"elementor-element elementor-element-7b2be81 e-con-full e-flex e-con e-child\" data-id=\"7b2be81\" data-element_type=\"container\" data-settings=\"{&quot;background_background&quot;:&quot;classic&quot;}\">\n\t\t\t\t<div class=\"elementor-element elementor-element-dfafcc2 elementor-widget elementor-widget-heading\" data-id=\"dfafcc2\" data-element_type=\"widget\" data-widget_type=\"heading.default\">\n\t\t\t\t<div class=\"elementor-widget-container\">\n\t\t\t\t\t<h2 class=\"elementor-heading-title elementor-size-default\">Maria Diva Ahlberg<\/h2>\t\t\t\t<\/div>\n\t\t\t\t<\/div>\n\t\t\t\t<div class=\"elementor-element elementor-element-56c8ab0 elementor-widget elementor-widget-text-editor\" data-id=\"56c8ab0\" data-element_type=\"widget\" data-widget_type=\"text-editor.default\">\n\t\t\t\t<div class=\"elementor-widget-container\">\n\t\t\t\t\t\t\t\t\tF\u00f6dd i Stockholm, Sverige, Maria Diva Ahlberg<br>\n\u00e4r en mycket eftertraktad personlig tr\u00e4nare<br>\n\u00f6ver hela v\u00e4rlden. Med 7 \u00e5r i Asien och en online<br>\ncoach som brinner f\u00f6r att sprida sin kunskap om<br>\nbudskap till m\u00e4nniskor som vill skapa sig ett liv<br>\nf\u00f6r\u00e4ndring. Efter att ha t\u00e4vlat i 25 \u00e5r p\u00e5 nationell niv\u00e5<br>\noch internationell niv\u00e5 \u00f6ver hela v\u00e4rlden, i bikini &amp;<br>\nkroppsfitness, valde hon att ta steget till<br>\nn\u00e4sta niv\u00e5. Sedan 1997 har hon hj\u00e4lpt tusentals<br>\nav kunder f\u00f6r\u00e4ndrar sina dagliga rutiner och<br>\nmentalitet. Maria driver ocks\u00e5 sin egen t\u00e4vling<br>\nteam f\u00f6r de som vill t\u00e4vla.\t\t\t\t\t\t\t\t<\/div>\n\t\t\t\t<\/div>\n\t\t\t\t<\/div>\n\t\t<div class=\"elementor-element elementor-element-5883bfc e-con-full e-flex e-con e-child\" data-id=\"5883bfc\" data-element_type=\"container\" data-settings=\"{&quot;background_background&quot;:&quot;classic&quot;}\">\n\t\t\t\t<\/div>\n\t\t\t\t<\/div>\n\t\t<div class=\"elementor-element elementor-element-1f70212 e-con-full e-flex e-con e-parent\" data-id=\"1f70212\" data-element_type=\"container\" data-settings=\"{&quot;background_background&quot;:&quot;classic&quot;}\">\n\t\t<div class=\"elementor-element elementor-element-c9fecca e-con-full e-flex e-con e-child\" data-id=\"c9fecca\" data-element_type=\"container\" data-settings=\"{&quot;background_background&quot;:&quot;classic&quot;}\">\n\t\t\t\t<div class=\"elementor-element elementor-element-a02dcfd elementor-widget elementor-widget-heading\" data-id=\"a02dcfd\" data-element_type=\"widget\" data-widget_type=\"heading.default\">\n\t\t\t\t<div class=\"elementor-widget-container\">\n\t\t\t\t\t<h2 class=\"elementor-heading-title elementor-size-default\">Carlo Bonifazi<\/h2>\t\t\t\t<\/div>\n\t\t\t\t<\/div>\n\t\t\t\t<div class=\"elementor-element elementor-element-7c54642 elementor-widget elementor-widget-text-editor\" data-id=\"7c54642\" data-element_type=\"widget\" data-widget_type=\"text-editor.default\">\n\t\t\t\t<div class=\"elementor-widget-container\">\n\t\t\t\t\t\t\t\t\t<p>Carlo Bonifazi f\u00f6ddes i november 1992 och v\u00e4xte upp<br \/>i en familj med volleybollspelare. Trots detta var hans f\u00f6rsta passion<br \/>f\u00f6r basket och denna k\u00e4rlek ledde honom till att p\u00e5b\u00f6rja en<br \/>semiprofessionell karri\u00e4r fram till 21 \u00e5rs \u00e5lder. \u00c5r 2014<br \/>han inledde en idrottskarri\u00e4r som professionell beach<br \/>volleybollspelare. I sin plamares har han:<\/p><ul><li>1 absolut italiensk m\u00e4startitel 2023<\/li><li>1 italiensk cup under samma \u00e5r<\/li><li>2 guld i v\u00e4rldstourt\u00e4vlingen<\/li><li>2 deltaganden i Europam\u00e4sterskapet<br \/>i M\u00fcnchen och Wien<\/li><li>1 i v\u00e4rldsfinalen i Rom<br \/>P\u00e5 nationell niv\u00e5 vann han 27 medaljer<br \/>i det totala italienska m\u00e4sterskapet.<br \/>En riktig m\u00e4stare!!!<\/li><\/ul>\t\t\t\t\t\t\t\t<\/div>\n\t\t\t\t<\/div>\n\t\t\t\t<\/div>\n\t\t<div class=\"elementor-element elementor-element-8184c97 e-con-full e-flex e-con e-child\" data-id=\"8184c97\" data-element_type=\"container\" data-settings=\"{&quot;background_background&quot;:&quot;classic&quot;}\">\n\t\t\t\t<\/div>\n\t\t\t\t<\/div>\n\t\t\t\t<\/div>","protected":false},"excerpt":{"rendered":"<p>ATHLETES SELF TEAM M\u00f6t v\u00e5ra elitidrottare och erfarna tr\u00e4nare som litar p\u00e5SELF OMNINUTRITION f\u00f6r att n\u00e5 sin topprestation. Margherita Bianchin Margherita Bianchin f\u00f6ddes i Treviso i Italien. Efter att ha spelat f\u00f6r de b\u00e4sta ungdomsvolleybolllagen och vunnit 3 nationella m\u00e4sterskap i beachvolleyboll fick hon ett fullt idrottsstipendium i USA. Hon tog examen fr\u00e5n Florida [...]<\/p>","protected":false},"author":1,"featured_media":0,"parent":0,"menu_order":0,"comment_status":"closed","ping_status":"closed","template":"","meta":{"footnotes":""},"class_list":["post-1879","page","type-page","status-publish","hentry"],"aioseo_notices":[],"_links":{"self":[{"href":"https:\/\/www.selfprotein.com\/sv\/wp-json\/wp\/v2\/pages\/1879"}],"collection":[{"href":"https:\/\/www.selfprotein.com\/sv\/wp-json\/wp\/v2\/pages"}],"about":[{"href":"https:\/\/www.selfprotein.com\/sv\/wp-json\/wp\/v2\/types\/page"}],"author":[{"embeddable":true,"href":"https:\/\/www.selfprotein.com\/sv\/wp-json\/wp\/v2\/users\/1"}],"replies":[{"embeddable":true,"href":"https:\/\/www.selfprotein.com\/sv\/wp-json\/wp\/v2\/comments?post=1879"}],"version-history":[{"count":547,"href":"https:\/\/www.selfprotein.com\/sv\/wp-json\/wp\/v2\/pages\/1879\/revisions"}],"predecessor-version":[{"id":8835,"href":"https:\/\/www.selfprotein.com\/sv\/wp-json\/wp\/v2\/pages\/1879\/revisions\/8835"}],"wp:attachment":[{"href":"https:\/\/www.selfprotein.com\/sv\/wp-json\/wp\/v2\/media?parent=1879"}],"curies":[{"name":"wp","href":"https:\/\/api.w.org\/{rel}","templated":true}]}}